{"id":2648,"date":"2025-12-05T09:56:15","date_gmt":"2025-12-05T09:56:15","guid":{"rendered":"https:\/\/observe360.eu\/?post_type=projekt&#038;p=2648"},"modified":"2026-02-13T07:51:47","modified_gmt":"2026-02-13T07:51:47","slug":"vkljucitev-evropske-mladinske-politike-v-visokosolski-kurikulum-yeuthed-up","status":"publish","type":"projekt","link":"https:\/\/observe360.eu\/en\/projekt\/vkljucitev-evropske-mladinske-politike-v-visokosolski-kurikulum-yeuthed-up\/","title":{"rendered":"Integration of the European youth policy into the higher education EU curriculum - yEUthed-up"},"content":{"rendered":"","protected":false},"excerpt":{"rendered":"<p>The project will develop and implement a dedicated module on European youth policy for social science students (political science, sociology, communication studies, journalism). The module addresses two key needs: the limited in-depth coverage of EU youth policy in existing curricula and the growing demographic challenges facing Slovenia and Europe.<\/p>\n<p>The project will enhance EU-related education by offering methodologically diverse, student-centred courses with substantial content on youth policy. Expected results include the development of three curricula and the implementation of innovative teaching approaches that actively involve students in defining course content and learning objectives.<\/p>","protected":false},"featured_media":2650,"template":"","meta":{"_acf_changed":false},"categories":[14,3],"tags":[],"class_list":["post-2648","projekt","type-projekt","status-publish","has-post-thumbnail","hentry","category-projekt","category-trenutni-projekt"],"acf":[],"yoast_head":"<!-- This site is optimized with the Yoast SEO plugin v27.5 - https:\/\/yoast.com\/product\/yoast-seo-wordpress\/ -->\n<title>Vklju\u010ditev evropske mladinske politike v visoko\u0161olski kurikulum - yEUthed-up - Observe360<\/title>\n<meta name=\"robots\" content=\"index, follow, max-snippet:-1, max-image-preview:large, max-video-preview:-1\" \/>\n<link rel=\"canonical\" href=\"https:\/\/observe360.eu\/en\/projekt\/vkljucitev-evropske-mladinske-politike-v-visokosolski-kurikulum-yeuthed-up\/\" \/>\n<meta property=\"og:locale\" content=\"en_GB\" \/>\n<meta property=\"og:type\" content=\"article\" \/>\n<meta property=\"og:title\" content=\"Vklju\u010ditev evropske mladinske politike v visoko\u0161olski kurikulum - yEUthed-up - Observe360\" \/>\n<meta property=\"og:description\" content=\"Projekt bo razvil in izvedel poseben modul o evropski mladinski politiki za \u0161tudente dru\u017eboslovnih ved (politologija, sociologija, komunikacijske \u0161tudije, novinarstvo). Modul obravnava dve klju\u010dni potrebi: omejeno poglobljeno obravnavo mladinske politike EU v obstoje\u010dih u\u010dnih na\u010drtih ter nara\u0161\u010dajo\u010de demografske izzive, s katerimi se soo\u010data Slovenija in Evropa. Projekt bo izbolj\u0161al izobra\u017eevanje o EU, saj bo ponudil metodolo\u0161ko raznolike, na \u0161tudente osredoto\u010dene te\u010daje z obse\u017eno vsebino o mladinski politiki. Pri\u010dakovani rezultati vklju\u010dujejo razvoj treh u\u010dnih na\u010drtov in izvajanje inovativnih pristopov k pou\u010devanju, ki \u0161tudente aktivno vklju\u010dujejo v opredeljevanje vsebine te\u010daja in u\u010dnih ciljev.\" \/>\n<meta property=\"og:url\" content=\"https:\/\/observe360.eu\/en\/projekt\/vkljucitev-evropske-mladinske-politike-v-visokosolski-kurikulum-yeuthed-up\/\" \/>\n<meta property=\"og:site_name\" content=\"Observe360\" \/>\n<meta property=\"article:modified_time\" content=\"2026-02-13T07:51:47+00:00\" \/>\n<meta property=\"og:image\" content=\"https:\/\/observe360.eu\/wp-content\/uploads\/2025\/11\/barbare-kacharava-idreThoTH5c-unsplash-scaled.jpg\" \/>\n\t<meta property=\"og:image:width\" content=\"2560\" \/>\n\t<meta property=\"og:image:height\" content=\"1697\" \/>\n\t<meta property=\"og:image:type\" content=\"image\/jpeg\" \/>\n<meta name=\"twitter:card\" content=\"summary_large_image\" \/>\n<meta name=\"twitter:label1\" content=\"Estimated reading time\" \/>\n\t<meta name=\"twitter:data1\" content=\"1 minute\" \/>\n<script type=\"application\/ld+json\" class=\"yoast-schema-graph\">{\"@context\":\"https:\\\/\\\/schema.org\",\"@graph\":[{\"@type\":\"WebPage\",\"@id\":\"https:\\\/\\\/observe360.eu\\\/projekt\\\/vkljucitev-evropske-mladinske-politike-v-visokosolski-kurikulum-yeuthed-up\\\/\",\"url\":\"https:\\\/\\\/observe360.eu\\\/projekt\\\/vkljucitev-evropske-mladinske-politike-v-visokosolski-kurikulum-yeuthed-up\\\/\",\"name\":\"Vklju\u010ditev evropske mladinske politike v visoko\u0161olski kurikulum - yEUthed-up - Observe360\",\"isPartOf\":{\"@id\":\"https:\\\/\\\/observe360.eu\\\/#website\"},\"primaryImageOfPage\":{\"@id\":\"https:\\\/\\\/observe360.eu\\\/projekt\\\/vkljucitev-evropske-mladinske-politike-v-visokosolski-kurikulum-yeuthed-up\\\/#primaryimage\"},\"image\":{\"@id\":\"https:\\\/\\\/observe360.eu\\\/projekt\\\/vkljucitev-evropske-mladinske-politike-v-visokosolski-kurikulum-yeuthed-up\\\/#primaryimage\"},\"thumbnailUrl\":\"https:\\\/\\\/observe360.eu\\\/wp-content\\\/uploads\\\/2025\\\/11\\\/barbare-kacharava-idreThoTH5c-unsplash-scaled.jpg\",\"datePublished\":\"2025-12-05T09:56:15+00:00\",\"dateModified\":\"2026-02-13T07:51:47+00:00\",\"breadcrumb\":{\"@id\":\"https:\\\/\\\/observe360.eu\\\/projekt\\\/vkljucitev-evropske-mladinske-politike-v-visokosolski-kurikulum-yeuthed-up\\\/#breadcrumb\"},\"inLanguage\":\"en-GB\",\"potentialAction\":[{\"@type\":\"ReadAction\",\"target\":[\"https:\\\/\\\/observe360.eu\\\/projekt\\\/vkljucitev-evropske-mladinske-politike-v-visokosolski-kurikulum-yeuthed-up\\\/\"]}]},{\"@type\":\"ImageObject\",\"inLanguage\":\"en-GB\",\"@id\":\"https:\\\/\\\/observe360.eu\\\/projekt\\\/vkljucitev-evropske-mladinske-politike-v-visokosolski-kurikulum-yeuthed-up\\\/#primaryimage\",\"url\":\"https:\\\/\\\/observe360.eu\\\/wp-content\\\/uploads\\\/2025\\\/11\\\/barbare-kacharava-idreThoTH5c-unsplash-scaled.jpg\",\"contentUrl\":\"https:\\\/\\\/observe360.eu\\\/wp-content\\\/uploads\\\/2025\\\/11\\\/barbare-kacharava-idreThoTH5c-unsplash-scaled.jpg\",\"width\":2560,\"height\":1697,\"caption\":\"yEUthed-up\"},{\"@type\":\"BreadcrumbList\",\"@id\":\"https:\\\/\\\/observe360.eu\\\/projekt\\\/vkljucitev-evropske-mladinske-politike-v-visokosolski-kurikulum-yeuthed-up\\\/#breadcrumb\",\"itemListElement\":[{\"@type\":\"ListItem\",\"position\":1,\"name\":\"Home\",\"item\":\"https:\\\/\\\/observe360.eu\\\/\"},{\"@type\":\"ListItem\",\"position\":2,\"name\":\"Vklju\u010ditev evropske mladinske politike v visoko\u0161olski kurikulum - yEUthed-up\"}]},{\"@type\":\"WebSite\",\"@id\":\"https:\\\/\\\/observe360.eu\\\/#website\",\"url\":\"https:\\\/\\\/observe360.eu\\\/\",\"name\":\"Observe360\",\"description\":\"University of Ljubljana, Faculty of Social Sciences\",\"alternateName\":\"Skupina za prou\u010devanje dr\u017eavljanstva, mladine in izobra\u017eevalnih politik ter sistemov (Observe360)\",\"potentialAction\":[{\"@type\":\"SearchAction\",\"target\":{\"@type\":\"EntryPoint\",\"urlTemplate\":\"https:\\\/\\\/observe360.eu\\\/?s={search_term_string}\"},\"query-input\":{\"@type\":\"PropertyValueSpecification\",\"valueRequired\":true,\"valueName\":\"search_term_string\"}}],\"inLanguage\":\"en-GB\"}]}<\/script>\n<!-- \/ Yoast SEO plugin. -->","yoast_head_json":{"title":"Vklju\u010ditev evropske mladinske politike v visoko\u0161olski kurikulum - yEUthed-up - Observe360","robots":{"index":"index","follow":"follow","max-snippet":"max-snippet:-1","max-image-preview":"max-image-preview:large","max-video-preview":"max-video-preview:-1"},"canonical":"https:\/\/observe360.eu\/en\/projekt\/vkljucitev-evropske-mladinske-politike-v-visokosolski-kurikulum-yeuthed-up\/","og_locale":"en_GB","og_type":"article","og_title":"Vklju\u010ditev evropske mladinske politike v visoko\u0161olski kurikulum - yEUthed-up - Observe360","og_description":"Projekt bo razvil in izvedel poseben modul o evropski mladinski politiki za \u0161tudente dru\u017eboslovnih ved (politologija, sociologija, komunikacijske \u0161tudije, novinarstvo). Modul obravnava dve klju\u010dni potrebi: omejeno poglobljeno obravnavo mladinske politike EU v obstoje\u010dih u\u010dnih na\u010drtih ter nara\u0161\u010dajo\u010de demografske izzive, s katerimi se soo\u010data Slovenija in Evropa. Projekt bo izbolj\u0161al izobra\u017eevanje o EU, saj bo ponudil metodolo\u0161ko raznolike, na \u0161tudente osredoto\u010dene te\u010daje z obse\u017eno vsebino o mladinski politiki. Pri\u010dakovani rezultati vklju\u010dujejo razvoj treh u\u010dnih na\u010drtov in izvajanje inovativnih pristopov k pou\u010devanju, ki \u0161tudente aktivno vklju\u010dujejo v opredeljevanje vsebine te\u010daja in u\u010dnih ciljev.","og_url":"https:\/\/observe360.eu\/en\/projekt\/vkljucitev-evropske-mladinske-politike-v-visokosolski-kurikulum-yeuthed-up\/","og_site_name":"Observe360","article_modified_time":"2026-02-13T07:51:47+00:00","og_image":[{"width":2560,"height":1697,"url":"https:\/\/observe360.eu\/wp-content\/uploads\/2025\/11\/barbare-kacharava-idreThoTH5c-unsplash-scaled.jpg","type":"image\/jpeg"}],"twitter_card":"summary_large_image","twitter_misc":{"Estimated reading time":"1 minute"},"schema":{"@context":"https:\/\/schema.org","@graph":[{"@type":"WebPage","@id":"https:\/\/observe360.eu\/projekt\/vkljucitev-evropske-mladinske-politike-v-visokosolski-kurikulum-yeuthed-up\/","url":"https:\/\/observe360.eu\/projekt\/vkljucitev-evropske-mladinske-politike-v-visokosolski-kurikulum-yeuthed-up\/","name":"Vklju\u010ditev evropske mladinske politike v visoko\u0161olski kurikulum - yEUthed-up - Observe360","isPartOf":{"@id":"https:\/\/observe360.eu\/#website"},"primaryImageOfPage":{"@id":"https:\/\/observe360.eu\/projekt\/vkljucitev-evropske-mladinske-politike-v-visokosolski-kurikulum-yeuthed-up\/#primaryimage"},"image":{"@id":"https:\/\/observe360.eu\/projekt\/vkljucitev-evropske-mladinske-politike-v-visokosolski-kurikulum-yeuthed-up\/#primaryimage"},"thumbnailUrl":"https:\/\/observe360.eu\/wp-content\/uploads\/2025\/11\/barbare-kacharava-idreThoTH5c-unsplash-scaled.jpg","datePublished":"2025-12-05T09:56:15+00:00","dateModified":"2026-02-13T07:51:47+00:00","breadcrumb":{"@id":"https:\/\/observe360.eu\/projekt\/vkljucitev-evropske-mladinske-politike-v-visokosolski-kurikulum-yeuthed-up\/#breadcrumb"},"inLanguage":"en-GB","potentialAction":[{"@type":"ReadAction","target":["https:\/\/observe360.eu\/projekt\/vkljucitev-evropske-mladinske-politike-v-visokosolski-kurikulum-yeuthed-up\/"]}]},{"@type":"ImageObject","inLanguage":"en-GB","@id":"https:\/\/observe360.eu\/projekt\/vkljucitev-evropske-mladinske-politike-v-visokosolski-kurikulum-yeuthed-up\/#primaryimage","url":"https:\/\/observe360.eu\/wp-content\/uploads\/2025\/11\/barbare-kacharava-idreThoTH5c-unsplash-scaled.jpg","contentUrl":"https:\/\/observe360.eu\/wp-content\/uploads\/2025\/11\/barbare-kacharava-idreThoTH5c-unsplash-scaled.jpg","width":2560,"height":1697,"caption":"yEUthed-up"},{"@type":"BreadcrumbList","@id":"https:\/\/observe360.eu\/projekt\/vkljucitev-evropske-mladinske-politike-v-visokosolski-kurikulum-yeuthed-up\/#breadcrumb","itemListElement":[{"@type":"ListItem","position":1,"name":"Home","item":"https:\/\/observe360.eu\/"},{"@type":"ListItem","position":2,"name":"Vklju\u010ditev evropske mladinske politike v visoko\u0161olski kurikulum - yEUthed-up"}]},{"@type":"WebSite","@id":"https:\/\/observe360.eu\/#website","url":"https:\/\/observe360.eu\/","name":"Observe360","description":"University of Ljubljana, Faculty of Social Sciences","alternateName":"Skupina za prou\u010devanje dr\u017eavljanstva, mladine in izobra\u017eevalnih politik ter sistemov (Observe360)","potentialAction":[{"@type":"SearchAction","target":{"@type":"EntryPoint","urlTemplate":"https:\/\/observe360.eu\/?s={search_term_string}"},"query-input":{"@type":"PropertyValueSpecification","valueRequired":true,"valueName":"search_term_string"}}],"inLanguage":"en-GB"}]}},"_links":{"self":[{"href":"https:\/\/observe360.eu\/en\/wp-json\/wp\/v2\/projekt\/2648","targetHints":{"allow":["GET"]}}],"collection":[{"href":"https:\/\/observe360.eu\/en\/wp-json\/wp\/v2\/projekt"}],"about":[{"href":"https:\/\/observe360.eu\/en\/wp-json\/wp\/v2\/types\/projekt"}],"wp:featuredmedia":[{"embeddable":true,"href":"https:\/\/observe360.eu\/en\/wp-json\/wp\/v2\/media\/2650"}],"wp:attachment":[{"href":"https:\/\/observe360.eu\/en\/wp-json\/wp\/v2\/media?parent=2648"}],"wp:term":[{"taxonomy":"category","embeddable":true,"href":"https:\/\/observe360.eu\/en\/wp-json\/wp\/v2\/categories?post=2648"},{"taxonomy":"post_tag","embeddable":true,"href":"https:\/\/observe360.eu\/en\/wp-json\/wp\/v2\/tags?post=2648"}],"curies":[{"name":"wp","href":"https:\/\/api.w.org\/{rel}","templated":true}]}}